{"id":9965,"date":"2026-06-02T16:43:58","date_gmt":"2026-06-02T23:43:58","guid":{"rendered":"https:\/\/ccli.ubc.ca\/?page_id=9965"},"modified":"2026-07-30T14:33:27","modified_gmt":"2026-07-30T21:33:27","slug":"climate-risk-program-fr","status":"publish","type":"page","link":"https:\/\/ccli.ubc.ca\/fr\/take-action-fr\/climate-risk-program-fr\/","title":{"rendered":"Programme sur les risques climatiques"},"content":{"rendered":"\n<div class=\"wp-block-group alignwide nua-block-page-grid is-layout-constrained wp-block-group-is-layout-constrained\" style=\"margin-top:var(--wp--preset--spacing--size-60);margin-bottom:var(--wp--preset--spacing--size-60);padding-bottom:var(--wp--preset--spacing--60)\">\n<div class=\"wp-block-group alignwide is-layout-grid wp-container-core-group-is-layout-0c1e7387 wp-block-group-is-layout-grid\" style=\"min-height:100px\">\n<div class=\"wp-block-group wp-container-content-1f4567c8 is-vertical is-content-justification-left is-layout-flex wp-container-core-group-is-layout-d13afa65 wp-block-group-is-layout-flex\">\n<h1 class=\"wp-block-heading has-size-84-font-size\" style=\"margin-bottom:var(--wp--preset--spacing--size-20);font-style:normal;font-weight:100;letter-spacing:-1.68px;line-height:0.9\">Programme sur les risques climatiques<\/h1>\n\n\n\n<p class=\"has-size-26-font-size wp-block-paragraph\" style=\"font-style:normal;font-weight:300;line-height:1.25\">Un cours de deux jours \u00e0 l&rsquo;Universit\u00e9 de la Colombie-Britannique \u00e0 Vancouver, en compagnie des meilleurs professionnels canadiens du d\u00e9veloppement durable, les 5 et 6 mars 2027<\/p>\n<\/div>\n\n\n\n<div style=\"height:1px\" aria-hidden=\"true\" class=\"wp-block-spacer wp-container-content-4ad9bbd1\"><\/div>\n\n\n\n<figure class=\"wp-block-image size-full is-style-mask-climate-risk-program is-style-mask-leaf-corner wp-container-content-9eba275d\"><img loading=\"lazy\" decoding=\"async\" width=\"1254\" height=\"836\" src=\"https:\/\/ccli.ubc.ca\/wp-content\/uploads\/2026\/07\/iStock-2245833315-1.jpg\" alt=\"\" class=\"wp-image-5114\" style=\"aspect-ratio:1;object-fit:cover\" srcset=\"https:\/\/ccli.ubc.ca\/wp-content\/uploads\/2026\/07\/iStock-2245833315-1.jpg 1254w, https:\/\/ccli.ubc.ca\/wp-content\/uploads\/2026\/07\/iStock-2245833315-1-300x200.jpg 300w, https:\/\/ccli.ubc.ca\/wp-content\/uploads\/2026\/07\/iStock-2245833315-1-1024x683.jpg 1024w, https:\/\/ccli.ubc.ca\/wp-content\/uploads\/2026\/07\/iStock-2245833315-1-768x512.jpg 768w\" sizes=\"auto, (max-width: 1254px) 100vw, 1254px\" \/><\/figure>\n<\/div>\n<\/div>\n\n\n\n<div class=\"wp-block-group alignwide nua-block-page-grid is-layout-constrained wp-block-group-is-layout-constrained\" style=\"margin-top:var(--wp--preset--spacing--size-60);margin-bottom:var(--wp--preset--spacing--size-60);padding-bottom:var(--wp--preset--spacing--60)\">\n<div class=\"wp-block-group alignwide is-layout-grid wp-container-core-group-is-layout-0c1e7387 wp-block-group-is-layout-grid\" style=\"min-height:100px\">\n<div class=\"wp-block-group wp-container-content-f1902870 is-layout-constrained wp-block-group-is-layout-constrained\">\n<div class=\"nua-table-of-contents wp-block-nua-table-of-contents wp-container-content-5f80b302\">\n\t<div class=\"nua-table-of-contents__panel\">\n\t\t<button type=\"button\" class=\"nua-table-of-contents__title nua-table-of-contents__toggle\" aria-expanded=\"false\">\n\t\t\tContenu\t\t\t<svg xmlns=\"http:\/\/www.w3.org\/2000\/svg\" width=\"20\" height=\"20\" viewBox=\"0 0 20 20\" fill=\"none\" class=\"nua-table-of-contents__toggle-icon\" aria-hidden=\"true\" focusable=\"false\">\n  <mask id=\"mask0_1074_4645\" style=\"mask-type:alpha\" maskUnits=\"userSpaceOnUse\" x=\"0\" y=\"0\" width=\"20\" height=\"20\">\n    <rect width=\"20\" height=\"20\" fill=\"#D9D9D9\"\/>\n  <\/mask>\n  <g mask=\"url(#mask0_1074_4645)\">\n    <path d=\"M10 13.3327L5 8.33268L6.16667 7.16602L10 10.9993L13.8333 7.16602L15 8.33268L10 13.3327Z\" fill=\"var(--nua-brand-colour-400)\"\/>\n  <\/g>\n<\/svg>\t\t<\/button>\n\n\t\t<ul class=\"nua-table-of-contents__list\">\n\t\t\t\t\t\t\t<li data-level=\"3\">\n\t\t\t\t\t<a href=\"#why-choose-this-program\">\n\t\t\t\t\t\tPourquoi choisir ce programme?\t\t\t\t\t<\/a>\n\t\t\t\t<\/li>\n\t\t\t\t\t\t\t<li data-level=\"3\">\n\t\t\t\t\t<a href=\"#what-will-you-learn\">\n\t\t\t\t\t\tQu\u2019allez-vous apprendre?\t\t\t\t\t<\/a>\n\t\t\t\t<\/li>\n\t\t\t\t\t\t\t<li data-level=\"3\">\n\t\t\t\t\t<a href=\"#who-should-apply\">\n\t\t\t\t\t\tQui devrait participer?\t\t\t\t\t<\/a>\n\t\t\t\t<\/li>\n\t\t\t\t\t\t\t<li data-level=\"3\">\n\t\t\t\t\t<a href=\"#when-is-the-course\">\n\t\t\t\t\t\tQuand le programme aura-t-il lieu?\t\t\t\t\t<\/a>\n\t\t\t\t<\/li>\n\t\t\t\t\t\t\t<li data-level=\"3\">\n\t\t\t\t\t<a href=\"#what-is-the-cost\">\n\t\t\t\t\t\tQue est le co\u00fbt?\t\t\t\t\t<\/a>\n\t\t\t\t<\/li>\n\t\t\t\t\t\t\t<li data-level=\"3\">\n\t\t\t\t\t<a href=\"#what-is-the-class-format\">\n\t\t\t\t\t\tQuel est le format du programme?\t\t\t\t\t<\/a>\n\t\t\t\t<\/li>\n\t\t\t\t\t\t\t<li data-level=\"3\">\n\t\t\t\t\t<a href=\"#who-are-the-experts\">\n\t\t\t\t\t\tQui sont les experts?\t\t\t\t\t<\/a>\n\t\t\t\t<\/li>\n\t\t\t\t\t\t\t<li data-level=\"3\">\n\t\t\t\t\t<a href=\"#More-information\">\n\t\t\t\t\t\tBesoin de plus d\u2019informations?\t\t\t\t\t<\/a>\n\t\t\t\t<\/li>\n\t\t\t\t\t<\/ul>\n\t<\/div>\n\n<\/div>\n<\/div>\n\n\n\n<div class=\"wp-block-group wp-container-content-da5c3d13 is-layout-constrained wp-block-group-is-layout-constrained\">\n<div class=\"wp-block-buttons is-layout-flex wp-block-buttons-is-layout-flex\" style=\"margin-bottom:var(--wp--preset--spacing--size-10)\">\n<div class=\"wp-block-button is-style-fill is-style-fill--1\"><a class=\"wp-block-button__link wp-element-button\" href=\"https:\/\/e1.envoke.com\/ext\/pages\/94101243181085235636435b441d1594\" target=\"_blank\" rel=\"noreferrer noopener\">Je veux en apprendre davantage<\/a><\/div>\n<\/div>\n\n\n\n<h3 class=\"wp-block-heading\">Qu\u2019est-ce que le micro-certificat : Risque climatique &amp; ESG pour la gouvernance d\u2019entreprise et la prise de d\u00e9cision?<\/h3>\n\n\n\n<p class=\"wp-block-paragraph\">L&rsquo;Initiative canadienne de droit climatique, en partenariat avec la Peter A. Allard School of Law de l&rsquo;Universit\u00e9 de Colombie-Britannique, propose une exp\u00e9rience d&rsquo;apprentissage flexible qui combine un programme pr\u00e9sentiel d&rsquo;une journ\u00e9e et demie sur le campus de l&rsquo;UBC \u00e0 Vancouver et l&rsquo;acc\u00e8s \u00e0 des supports p\u00e9dagogiques en ligne, permettant ainsi aux participants de se familiariser avec le contenu des cours avant, pendant et apr\u00e8s le programme.<\/p>\n\n\n\n<p class=\"wp-block-paragraph\">Ce micro-certificat permettra aux administrateurs, aux dirigeants, aux conseillers juridiques et professionnels de la gouvernance d\u2019acqu\u00e9rir des connaissances juridiques approfondies et une connaissance des meilleures pratiques pour la gestion des risques financiers li\u00e9s au climat. Il vous permettra \u00e9galement de comprendre les principales exigences r\u00e9glementaires en mati\u00e8re de droit des soci\u00e9t\u00e9s, des valeurs mobili\u00e8res, des pensions et de l\u2019environnement, en mettant l\u2019accent sur le Canada.<\/p>\n\n\n\n<div style=\"height:32px\" aria-hidden=\"true\" class=\"wp-block-spacer\"><\/div>\n\n\n\n<figure class=\"wp-block-embed is-type-video is-provider-youtube wp-block-embed-youtube wp-embed-aspect-16-9 wp-has-aspect-ratio\"><div class=\"wp-block-embed__wrapper\">\n<iframe loading=\"lazy\" title=\"About the Micro-Certificate Program: Climate Risk &amp; ESG for Corporate Governance and Decision-making\" width=\"500\" height=\"281\" src=\"https:\/\/www.youtube.com\/embed\/96SUY5UqnHM?feature=oembed\" frameborder=\"0\" allow=\"accelerometer; autoplay; clipboard-write; encrypted-media; gyroscope; picture-in-picture; web-share\" referrerpolicy=\"strict-origin-when-cross-origin\" allowfullscreen><\/iframe>\n<\/div><\/figure>\n\n\n\n<div style=\"height:32px\" aria-hidden=\"true\" class=\"wp-block-spacer\"><\/div>\n\n\n\n<h3 id=\"why-choose-this-program\" class=\"wp-block-heading\">Pourquoi choisir ce programme?<\/h3>\n\n\n\n<p class=\"wp-block-paragraph\">Les gouvernements et les organismes de r\u00e9glementation exigent de plus en plus d\u2019informations sur le climat. Cela fait en sorte qu\u2019il y a une demande croissante de professionnels qui poss\u00e8dent les comp\u00e9tences et les connaissances n\u00e9cessaires pour faire progresser les initiatives climatiques et ESG au sein de leurs organisations et prendre des d\u00e9cisions \u00e9clair\u00e9es en vue d\u2019une \u00e9conomie nette z\u00e9ro.<\/p>\n\n\n\n<p class=\"wp-block-paragraph\">Ce cours offre une formation pratique et concr\u00e8te aux professionnels, y compris ceux qui travaillent actuellement et ceux qui cherchent \u00e0 acqu\u00e9rir des comp\u00e9tences suppl\u00e9mentaires pour am\u00e9liorer leurs opportunit\u00e9s d\u2019emploi. Il offre une perspective unique issue de la collaboration et de l\u2019\u00e9change de connaissances entre universitaires, d\u00e9cideurs politiques et professionnels.<\/p>\n\n\n\n<figure class=\"wp-block-pullquote\"><blockquote><p>Le Parcours en gouvernance climatique constitue une excellente porte d\u2019entr\u00e9e pour comprendre les obligations des entreprises, des membres des conseils d\u2019administration et des dirigeants en mati\u00e8re de gestion des risques climatiques et de leurs impacts organisationnels. Cette formation essentielle devrait \u00eatre suivie par le plus grand nombre possible de personnes, y compris les administrateurs.<\/p><cite>Myriam Trudel, Directrice Performance \u00e9nerg\u00e9tique et d\u00e9carbonation, F\u00e9d\u00e9ration qu\u00e9b\u00e9coise des municipalit\u00e9s<\/cite><\/blockquote><\/figure>\n\n\n\n<figure class=\"wp-block-pullquote\"><blockquote><p>Nous allons faire une analyse de risques climatiques et clarifier la gouvernance climatique au Cirque du Soleil. J&rsquo;ai ador\u00e9 la qualit\u00e9 du contenu et des \u00e9changes avec les membres. Le groupe \u00e9tait de tr\u00e8s bonne taille pour cela. La plateforme super pratique \u00e9galement. Je recommande \u00e0 tous les professionnels en d\u00e9veloppement durable \/ gestion des risques.<\/p><cite>Margot Lallemand, Gestionnaire du programme de d\u00e9veloppement durable, Cirque du Soleil<\/cite><\/blockquote><\/figure>\n\n\n\n<div style=\"height:32px\" aria-hidden=\"true\" class=\"wp-block-spacer\"><\/div>\n\n\n\n<h3 id=\"what-will-you-learn\" class=\"wp-block-heading\">Qu\u2019allez-vous apprendre?<\/h3>\n\n\n\n<ul style=\"margin-bottom:var(--wp--preset--spacing--size-10)\" class=\"wp-block-list\">\n<li>Principales consid\u00e9rations climatiques auxquelles les entreprises et les r\u00e9gimes de retraite sont confront\u00e9s lorsqu\u2019ils prennent des d\u00e9cisions commerciales et d\u2019investissement<\/li>\n\n\n\n<li>Instruments et exigences juridiques et r\u00e9glementaires complexes qui ont un impact direct sur les activit\u00e9s des entreprises et des organisations au Canada et \u00e0 l\u2019\u00e9tranger<\/li>\n\n\n\n<li>Strat\u00e9gies visant \u00e0 am\u00e9liorer la surveillance et la gestion des risques et des opportunit\u00e9s li\u00e9s au climat<\/li>\n<\/ul>\n\n\n\n<figure class=\"wp-block-image alignfull size-large\"><img decoding=\"async\" src=\"https:\/\/ccli.ubc.ca\/wp-content\/uploads\/2026\/07\/22609505575_c3407af19e_k-1024x682-1.jpg\" alt=\"\" class=\"wp-image-12084\"\/><figcaption class=\"wp-element-caption\">Les \u00e9tudiants qui auront compl\u00e9t\u00e9 avec succ\u00e8s le programme recevront un certificat de l\u2019Initiative canadienne de droit climatique et de la Peter A. Allard School of Law \u00e0 l\u2019University of British Columbia.<\/figcaption><\/figure>\n\n\n\n<div style=\"height:32px\" aria-hidden=\"true\" class=\"wp-block-spacer\"><\/div>\n\n\n\n<h3 id=\"who-should-apply\" class=\"wp-block-heading\">Qui devrait participer?<\/h3>\n\n\n\n<ul class=\"wp-block-list\">\n<li>Administrateurs<\/li>\n\n\n\n<li>Dirigeants<\/li>\n\n\n\n<li>Fiduciaires<\/li>\n\n\n\n<li>Conseillers juridiques internes et externes<\/li>\n\n\n\n<li>Professionnels de la gouvernance<\/li>\n\n\n\n<li>Investisseurs et gestionnaires d\u2019actifs<\/li>\n<\/ul>\n\n\n\n<h3 id=\"when-is-the-course\" class=\"wp-block-heading\">Quand le programme aura-t-il lieu?<\/h3>\n\n\n\n<p class=\"wp-block-paragraph\">Les 5 et 6 mars 2027 \u00e0 la facult\u00e9 de droit Peter A. Allard de l&rsquo;Universit\u00e9 de Colombie-Britannique, avec des ressources en ligne accessibles aux participants \u00e0 leur convenance.<\/p>\n\n\n\n<div class=\"wp-block-buttons is-layout-flex wp-block-buttons-is-layout-flex\">\n<div class=\"wp-block-button\"><a class=\"wp-block-button__link wp-element-button\" href=\"https:\/\/ccli.ubc.ca\/fr\/take-action-fr\/climate-risk-program-fr\/#apply-now\">Postulez maintenant<\/a><\/div>\n<\/div>\n\n\n\n<h3 id=\"what-is-the-cost\" class=\"wp-block-heading\">Que est le co\u00fbt?<\/h3>\n\n\n\n<p class=\"wp-block-paragraph\">3 300$<\/p>\n\n\n\n<figure class=\"wp-block-image alignfull size-large\"><img decoding=\"async\" src=\"https:\/\/ccli.ubc.ca\/wp-content\/uploads\/2026\/07\/katarina-milosevic-OG9fvKCv4_I-unsplash-1024x678-1.jpg\" alt=\"\" class=\"wp-image-12040\"\/><figcaption class=\"wp-element-caption\">Rejoignez-nous en classe \u00e0 l&rsquo;Universit\u00e9 de la Colombie-Britannique \u00e0 Vancouver les 5 et 6 mars 2027.<\/figcaption><\/figure>\n\n\n\n<div style=\"height:32px\" aria-hidden=\"true\" class=\"wp-block-spacer\"><\/div>\n\n\n\n<h3 id=\"what-is-the-class-format\" class=\"wp-block-heading\">Quel est le format du programme?<\/h3>\n\n\n\n<p class=\"wp-block-paragraph\">Format hybride : en pr\u00e9sentiel et en ligne.<\/p>\n\n\n\n<p class=\"wp-block-paragraph\">Le programme est en anglais.<\/p>\n\n\n\n<div style=\"height:32px\" aria-hidden=\"true\" class=\"wp-block-spacer\"><\/div>\n\n\n\n<h3 id=\"who-are-the-experts\" class=\"wp-block-heading\">Qui sont les experts?<\/h3>\n\n\n\n<p class=\"wp-block-paragraph\">Le contenu du cours a \u00e9t\u00e9 d\u00e9velopp\u00e9 par&nbsp;<a href=\"https:\/\/ccli.ubc.ca\/fr\/team-member\/alison-schneider\/\">Alison Schneider<\/a>&nbsp;et&nbsp;<a href=\"https:\/\/ccli.ubc.ca\/fr\/team-member\/gigi-dawe\/\" target=\"_blank\" rel=\"noreferrer noopener\">Gigi Dawe<\/a>, en collaboration avec les sp\u00e9cialistes de l\u2019apprentissage \u00e9tendu de UBC et d\u2019autres experts de l\u2019Initiative canadienne de droit climatique. Le programme offre une perspective unique issue de la collaboration et de l\u2019\u00e9change de connaissances entre universitaires, d\u00e9cideurs politiques et professionnels du monde des affaires. Alison Schneider est l\u2019instructrice du cours.<\/p>\n\n\n\n<p class=\"wp-block-paragraph\"><strong><strong>Les experts en la mati\u00e8re sont:<\/strong><\/strong><\/p>\n\n\n\n<ul class=\"wp-block-list\">\n<li><a href=\"https:\/\/www.youtube.com\/watch?v=pKZ2weUhE0Q\" target=\"_blank\" rel=\"noreferrer noopener\">Amelia Harman<\/a><\/li>\n<\/ul>\n\n\n\n<ul class=\"wp-block-list\">\n<li>Barbara Zvan<\/li>\n<\/ul>\n\n\n\n<ul class=\"wp-block-list\">\n<li><a href=\"https:\/\/www.youtube.com\/watch?v=ZjVdx6D_R3Q\" target=\"_blank\" rel=\"noreferrer noopener\">Dre Barnali Choudhury<\/a><\/li>\n<\/ul>\n\n\n\n<ul class=\"wp-block-list\">\n<li><a href=\"https:\/\/www.youtube.com\/watch?v=FjYb7xdCtBw\" target=\"_blank\" rel=\"noreferrer noopener\">Dale Beugin<\/a><\/li>\n<\/ul>\n\n\n\n<ul class=\"wp-block-list\">\n<li><a href=\"https:\/\/www.youtube.com\/watch?v=t72XO0TY9mI\" target=\"_blank\" rel=\"noreferrer noopener\">Erikk Opinio<\/a><\/li>\n<\/ul>\n\n\n\n<ul class=\"wp-block-list\">\n<li><a href=\"https:\/\/www.youtube.com\/watch?v=q7-OKhkRNZ0\" target=\"_blank\" rel=\"noreferrer noopener\">Dre Janis Sarra<\/a><\/li>\n<\/ul>\n\n\n\n<ul class=\"wp-block-list\">\n<li><a href=\"https:\/\/www.youtube.com\/watch?v=7OXaQRmBQuM\" target=\"_blank\" rel=\"noreferrer noopener\">Mac Van Wielingen<\/a><\/li>\n<\/ul>\n\n\n\n<ul class=\"wp-block-list\">\n<li><a href=\"https:\/\/www.youtube.com\/watch?v=x2HIyZwXHWg\" target=\"_blank\" rel=\"noreferrer noopener\">Sheila Colman<\/a><\/li>\n<\/ul>\n\n\n\n<ul class=\"wp-block-list\">\n<li><a href=\"https:\/\/www.youtube.com\/watch?v=ohBNnm2cA9k\" target=\"_blank\" rel=\"noreferrer noopener\">St\u00e9phane Tardif<\/a><\/li>\n<\/ul>\n\n\n\n<h3 id=\"More-information\" class=\"wp-block-heading\">Besoin de plus d\u2019informations?<\/h3>\n\n\n\n<p class=\"wp-block-paragraph\">Vous souhaitez en savoir plus sur notre programme de micro-certificat? Nous vous recommandons de vous inscrire \u00e0 l\u2019infolettre ci-dessous pour recevoir nos courriels concernant les prochaines \u00e9ch\u00e9ances, les sessions d\u2019information et d\u2019autres mises \u00e0 jour utiles.<\/p>\n\n\n\n<div class=\"wp-block-buttons is-layout-flex wp-block-buttons-is-layout-flex\">\n<div class=\"wp-block-button is-style-fill is-style-fill--2\"><a class=\"wp-block-button__link wp-element-button\" href=\"https:\/\/ccli.ubc.ca\/fr\/contactez-nous\/\" target=\"_blank\" rel=\"noreferrer noopener\">Posez-nous vos questions<\/a><\/div>\n\n\n\n<div class=\"wp-block-button is-style-fill is-style-fill--3\"><a class=\"wp-block-button__link wp-element-button\" href=\"https:\/\/e1.envoke.com\/ext\/pages\/94101243181085235636435b441d1594\" target=\"_blank\" rel=\"noreferrer noopener\">Je veux en apprendre davantage<\/a><\/div>\n\n\n\n<div class=\"wp-block-button is-style-fill is-style-fill--4\"><a class=\"wp-block-button__link wp-element-button\" href=\"https:\/\/ccli.ubc.ca\/fr\/take-action-fr\/climate-risk-program-fr\/#apply-now\">Postulez maintenant<\/a><\/div>\n<\/div>\n\n\n\n<div style=\"height:32px\" aria-hidden=\"true\" class=\"wp-block-spacer\"><\/div>\n<\/div>\n<\/div>\n<\/div>\n","protected":false},"excerpt":{"rendered":"<p>Programme sur les risques climatiques Un cours de deux jours \u00e0 l&rsquo;Universit\u00e9 de la Colombie-Britannique \u00e0 Vancouver, en compagnie des meilleurs professionnels canadiens du d\u00e9veloppement durable, les 5 et 6 mars 2027 Qu\u2019est-ce que le micro-certificat : Risque climatique &amp; ESG pour la gouvernance d\u2019entreprise et la prise de d\u00e9cision? L&rsquo;Initiative canadienne de droit climatique, [&hellip;]<\/p>\n","protected":false},"author":1,"featured_media":0,"parent":9986,"menu_order":0,"comment_status":"closed","ping_status":"closed","template":"","meta":{"_acf_changed":false,"footnotes":""},"class_list":["post-9965","page","type-page","status-publish","hentry"],"acf":[],"yoast_head":"<!-- This site is optimized with the Yoast SEO plugin v28.2 - https:\/\/yoast.com\/product\/yoast-seo-wordpress\/ -->\n<title>Programme sur les risques climatiques - L&#039;Initiative canadienne de droit climatique<\/title>\n<meta name=\"robots\" content=\"index, follow, max-snippet:-1, max-image-preview:large, max-video-preview:-1\" \/>\n<link rel=\"canonical\" href=\"https:\/\/ccli.ubc.ca\/fr\/take-action-fr\/climate-risk-program-fr\/\" \/>\n<meta property=\"og:locale\" content=\"fr_FR\" \/>\n<meta property=\"og:type\" content=\"article\" \/>\n<meta property=\"og:title\" content=\"Programme sur les risques climatiques - L&#039;Initiative canadienne de droit climatique\" \/>\n<meta property=\"og:description\" content=\"Programme sur les risques climatiques Un cours de deux jours \u00e0 l&rsquo;Universit\u00e9 de la Colombie-Britannique \u00e0 Vancouver, en compagnie des meilleurs professionnels canadiens du d\u00e9veloppement durable, les 5 et 6 mars 2027 Qu\u2019est-ce que le micro-certificat : Risque climatique &amp; ESG pour la gouvernance d\u2019entreprise et la prise de d\u00e9cision? L&rsquo;Initiative canadienne de droit climatique, [&hellip;]\" \/>\n<meta property=\"og:url\" content=\"https:\/\/ccli.ubc.ca\/fr\/take-action-fr\/climate-risk-program-fr\/\" \/>\n<meta property=\"og:site_name\" content=\"L&#039;Initiative canadienne de droit climatique\" \/>\n<meta property=\"article:modified_time\" content=\"2026-07-30T21:33:27+00:00\" \/>\n<meta property=\"og:image\" content=\"https:\/\/ccli.ubc.ca\/wp-content\/uploads\/2026\/07\/iStock-2245833315-1.jpg\" \/>\n\t<meta property=\"og:image:width\" content=\"1254\" \/>\n\t<meta property=\"og:image:height\" content=\"836\" \/>\n\t<meta property=\"og:image:type\" content=\"image\/jpeg\" \/>\n<meta name=\"twitter:card\" content=\"summary_large_image\" \/>\n<meta name=\"twitter:label1\" content=\"Dur\u00e9e de lecture estim\u00e9e\" \/>\n\t<meta name=\"twitter:data1\" content=\"4 minutes\" \/>\n<script type=\"application\/ld+json\" class=\"yoast-schema-graph\">{\"@context\":\"https:\\\/\\\/schema.org\",\"@graph\":[{\"@type\":\"WebPage\",\"@id\":\"https:\\\/\\\/ccli.ubc.ca\\\/fr\\\/take-action-fr\\\/climate-risk-program-fr\\\/\",\"url\":\"https:\\\/\\\/ccli.ubc.ca\\\/fr\\\/take-action-fr\\\/climate-risk-program-fr\\\/\",\"name\":\"Programme sur les risques climatiques - L'Initiative canadienne de droit climatique\",\"isPartOf\":{\"@id\":\"https:\\\/\\\/ccli.ubc.ca\\\/fr\\\/#website\"},\"primaryImageOfPage\":{\"@id\":\"https:\\\/\\\/ccli.ubc.ca\\\/fr\\\/take-action-fr\\\/climate-risk-program-fr\\\/#primaryimage\"},\"image\":{\"@id\":\"https:\\\/\\\/ccli.ubc.ca\\\/fr\\\/take-action-fr\\\/climate-risk-program-fr\\\/#primaryimage\"},\"thumbnailUrl\":\"https:\\\/\\\/ccli.ubc.ca\\\/wp-content\\\/uploads\\\/2026\\\/07\\\/iStock-2245833315-1.jpg\",\"datePublished\":\"2026-06-02T23:43:58+00:00\",\"dateModified\":\"2026-07-30T21:33:27+00:00\",\"breadcrumb\":{\"@id\":\"https:\\\/\\\/ccli.ubc.ca\\\/fr\\\/take-action-fr\\\/climate-risk-program-fr\\\/#breadcrumb\"},\"inLanguage\":\"fr-FR\",\"potentialAction\":[{\"@type\":\"ReadAction\",\"target\":[\"https:\\\/\\\/ccli.ubc.ca\\\/fr\\\/take-action-fr\\\/climate-risk-program-fr\\\/\"]}]},{\"@type\":\"ImageObject\",\"inLanguage\":\"fr-FR\",\"@id\":\"https:\\\/\\\/ccli.ubc.ca\\\/fr\\\/take-action-fr\\\/climate-risk-program-fr\\\/#primaryimage\",\"url\":\"https:\\\/\\\/ccli.ubc.ca\\\/wp-content\\\/uploads\\\/2026\\\/07\\\/iStock-2245833315-1.jpg\",\"contentUrl\":\"https:\\\/\\\/ccli.ubc.ca\\\/wp-content\\\/uploads\\\/2026\\\/07\\\/iStock-2245833315-1.jpg\"},{\"@type\":\"BreadcrumbList\",\"@id\":\"https:\\\/\\\/ccli.ubc.ca\\\/fr\\\/take-action-fr\\\/climate-risk-program-fr\\\/#breadcrumb\",\"itemListElement\":[{\"@type\":\"ListItem\",\"position\":1,\"name\":\"Home\",\"item\":\"https:\\\/\\\/ccli.ubc.ca\\\/fr\\\/\"},{\"@type\":\"ListItem\",\"position\":2,\"name\":\"Passez \u00e0 l&#8217;action\",\"item\":\"https:\\\/\\\/ccli.ubc.ca\\\/fr\\\/take-action-fr\\\/\"},{\"@type\":\"ListItem\",\"position\":3,\"name\":\"Programme sur les risques climatiques\"}]},{\"@type\":\"WebSite\",\"@id\":\"https:\\\/\\\/ccli.ubc.ca\\\/fr\\\/#website\",\"url\":\"https:\\\/\\\/ccli.ubc.ca\\\/fr\\\/\",\"name\":\"Canada Climate Law Initiative\",\"description\":\"\",\"publisher\":{\"@id\":\"https:\\\/\\\/ccli.ubc.ca\\\/fr\\\/#organization\"},\"potentialAction\":[{\"@type\":\"SearchAction\",\"target\":{\"@type\":\"EntryPoint\",\"urlTemplate\":\"https:\\\/\\\/ccli.ubc.ca\\\/fr\\\/?s={search_term_string}\"},\"query-input\":{\"@type\":\"PropertyValueSpecification\",\"valueRequired\":true,\"valueName\":\"search_term_string\"}}],\"inLanguage\":\"fr-FR\"},{\"@type\":\"Organization\",\"@id\":\"https:\\\/\\\/ccli.ubc.ca\\\/fr\\\/#organization\",\"name\":\"L'Initiative canadienne de droit climatique\",\"url\":\"https:\\\/\\\/ccli.ubc.ca\\\/fr\\\/\",\"logo\":{\"@type\":\"ImageObject\",\"inLanguage\":\"fr-FR\",\"@id\":\"https:\\\/\\\/ccli.ubc.ca\\\/fr\\\/#\\\/schema\\\/logo\\\/image\\\/\",\"url\":\"https:\\\/\\\/ccli.ubc.ca\\\/wp-content\\\/uploads\\\/2026\\\/07\\\/CCLI-EngFr-Green.svg\",\"contentUrl\":\"https:\\\/\\\/ccli.ubc.ca\\\/wp-content\\\/uploads\\\/2026\\\/07\\\/CCLI-EngFr-Green.svg\",\"width\":575,\"height\":241,\"caption\":\"L'Initiative canadienne de droit climatique\"},\"image\":{\"@id\":\"https:\\\/\\\/ccli.ubc.ca\\\/fr\\\/#\\\/schema\\\/logo\\\/image\\\/\"},\"sameAs\":[\"https:\\\/\\\/www.youtube.com\\\/channel\\\/UCVoB3ypQTE42_Y8r_eMk1tg\\\/featured\",\"https:\\\/\\\/www.linkedin.com\\\/company\\\/canada-climate-law-initiative\\\/\"]}]}<\/script>\n<!-- \/ Yoast SEO plugin. -->","yoast_head_json":{"title":"Programme sur les risques climatiques - L'Initiative canadienne de droit climatique","robots":{"index":"index","follow":"follow","max-snippet":"max-snippet:-1","max-image-preview":"max-image-preview:large","max-video-preview":"max-video-preview:-1"},"canonical":"https:\/\/ccli.ubc.ca\/fr\/take-action-fr\/climate-risk-program-fr\/","og_locale":"fr_FR","og_type":"article","og_title":"Programme sur les risques climatiques - L'Initiative canadienne de droit climatique","og_description":"Programme sur les risques climatiques Un cours de deux jours \u00e0 l&rsquo;Universit\u00e9 de la Colombie-Britannique \u00e0 Vancouver, en compagnie des meilleurs professionnels canadiens du d\u00e9veloppement durable, les 5 et 6 mars 2027 Qu\u2019est-ce que le micro-certificat : Risque climatique &amp; ESG pour la gouvernance d\u2019entreprise et la prise de d\u00e9cision? L&rsquo;Initiative canadienne de droit climatique, [&hellip;]","og_url":"https:\/\/ccli.ubc.ca\/fr\/take-action-fr\/climate-risk-program-fr\/","og_site_name":"L'Initiative canadienne de droit climatique","article_modified_time":"2026-07-30T21:33:27+00:00","og_image":[{"width":1254,"height":836,"url":"https:\/\/ccli.ubc.ca\/wp-content\/uploads\/2026\/07\/iStock-2245833315-1.jpg","type":"image\/jpeg"}],"twitter_card":"summary_large_image","twitter_misc":{"Dur\u00e9e de lecture estim\u00e9e":"4 minutes"},"schema":{"@context":"https:\/\/schema.org","@graph":[{"@type":"WebPage","@id":"https:\/\/ccli.ubc.ca\/fr\/take-action-fr\/climate-risk-program-fr\/","url":"https:\/\/ccli.ubc.ca\/fr\/take-action-fr\/climate-risk-program-fr\/","name":"Programme sur les risques climatiques - L'Initiative canadienne de droit climatique","isPartOf":{"@id":"https:\/\/ccli.ubc.ca\/fr\/#website"},"primaryImageOfPage":{"@id":"https:\/\/ccli.ubc.ca\/fr\/take-action-fr\/climate-risk-program-fr\/#primaryimage"},"image":{"@id":"https:\/\/ccli.ubc.ca\/fr\/take-action-fr\/climate-risk-program-fr\/#primaryimage"},"thumbnailUrl":"https:\/\/ccli.ubc.ca\/wp-content\/uploads\/2026\/07\/iStock-2245833315-1.jpg","datePublished":"2026-06-02T23:43:58+00:00","dateModified":"2026-07-30T21:33:27+00:00","breadcrumb":{"@id":"https:\/\/ccli.ubc.ca\/fr\/take-action-fr\/climate-risk-program-fr\/#breadcrumb"},"inLanguage":"fr-FR","potentialAction":[{"@type":"ReadAction","target":["https:\/\/ccli.ubc.ca\/fr\/take-action-fr\/climate-risk-program-fr\/"]}]},{"@type":"ImageObject","inLanguage":"fr-FR","@id":"https:\/\/ccli.ubc.ca\/fr\/take-action-fr\/climate-risk-program-fr\/#primaryimage","url":"https:\/\/ccli.ubc.ca\/wp-content\/uploads\/2026\/07\/iStock-2245833315-1.jpg","contentUrl":"https:\/\/ccli.ubc.ca\/wp-content\/uploads\/2026\/07\/iStock-2245833315-1.jpg"},{"@type":"BreadcrumbList","@id":"https:\/\/ccli.ubc.ca\/fr\/take-action-fr\/climate-risk-program-fr\/#breadcrumb","itemListElement":[{"@type":"ListItem","position":1,"name":"Home","item":"https:\/\/ccli.ubc.ca\/fr\/"},{"@type":"ListItem","position":2,"name":"Passez \u00e0 l&#8217;action","item":"https:\/\/ccli.ubc.ca\/fr\/take-action-fr\/"},{"@type":"ListItem","position":3,"name":"Programme sur les risques climatiques"}]},{"@type":"WebSite","@id":"https:\/\/ccli.ubc.ca\/fr\/#website","url":"https:\/\/ccli.ubc.ca\/fr\/","name":"Canada Climate Law Initiative","description":"","publisher":{"@id":"https:\/\/ccli.ubc.ca\/fr\/#organization"},"potentialAction":[{"@type":"SearchAction","target":{"@type":"EntryPoint","urlTemplate":"https:\/\/ccli.ubc.ca\/fr\/?s={search_term_string}"},"query-input":{"@type":"PropertyValueSpecification","valueRequired":true,"valueName":"search_term_string"}}],"inLanguage":"fr-FR"},{"@type":"Organization","@id":"https:\/\/ccli.ubc.ca\/fr\/#organization","name":"L'Initiative canadienne de droit climatique","url":"https:\/\/ccli.ubc.ca\/fr\/","logo":{"@type":"ImageObject","inLanguage":"fr-FR","@id":"https:\/\/ccli.ubc.ca\/fr\/#\/schema\/logo\/image\/","url":"https:\/\/ccli.ubc.ca\/wp-content\/uploads\/2026\/07\/CCLI-EngFr-Green.svg","contentUrl":"https:\/\/ccli.ubc.ca\/wp-content\/uploads\/2026\/07\/CCLI-EngFr-Green.svg","width":575,"height":241,"caption":"L'Initiative canadienne de droit climatique"},"image":{"@id":"https:\/\/ccli.ubc.ca\/fr\/#\/schema\/logo\/image\/"},"sameAs":["https:\/\/www.youtube.com\/channel\/UCVoB3ypQTE42_Y8r_eMk1tg\/featured","https:\/\/www.linkedin.com\/company\/canada-climate-law-initiative\/"]}]}},"_links":{"self":[{"href":"https:\/\/ccli.ubc.ca\/fr\/wp-json\/wp\/v2\/pages\/9965","targetHints":{"allow":["GET"]}}],"collection":[{"href":"https:\/\/ccli.ubc.ca\/fr\/wp-json\/wp\/v2\/pages"}],"about":[{"href":"https:\/\/ccli.ubc.ca\/fr\/wp-json\/wp\/v2\/types\/page"}],"author":[{"embeddable":true,"href":"https:\/\/ccli.ubc.ca\/fr\/wp-json\/wp\/v2\/users\/1"}],"replies":[{"embeddable":true,"href":"https:\/\/ccli.ubc.ca\/fr\/wp-json\/wp\/v2\/comments?post=9965"}],"version-history":[{"count":21,"href":"https:\/\/ccli.ubc.ca\/fr\/wp-json\/wp\/v2\/pages\/9965\/revisions"}],"predecessor-version":[{"id":12125,"href":"https:\/\/ccli.ubc.ca\/fr\/wp-json\/wp\/v2\/pages\/9965\/revisions\/12125"}],"up":[{"embeddable":true,"href":"https:\/\/ccli.ubc.ca\/fr\/wp-json\/wp\/v2\/pages\/9986"}],"wp:attachment":[{"href":"https:\/\/ccli.ubc.ca\/fr\/wp-json\/wp\/v2\/media?parent=9965"}],"curies":[{"name":"wp","href":"https:\/\/api.w.org\/{rel}","templated":true}]}}