{"id":8926,"date":"2023-10-31T17:19:08","date_gmt":"2023-11-01T00:19:08","guid":{"rendered":"https:\/\/ccli.ubc.ca\/resource\/the-tpt-disclosure-framework-2\/"},"modified":"2026-07-03T08:23:51","modified_gmt":"2026-07-03T15:23:51","slug":"the-tpt-disclosure-framework","status":"publish","type":"resource","link":"https:\/\/ccli.ubc.ca\/fr\/resource\/the-tpt-disclosure-framework\/","title":{"rendered":"The TPT Disclosure Framework"},"content":{"rendered":"\n<p class=\"wp-block-paragraph\">Il s&rsquo;agit de la version finale du cadre de divulgation TPT. Il est bas\u00e9 sur le projet lanc\u00e9 pour consultation en novembre 2022, qui a \u00e9t\u00e9 mis \u00e0 jour \u00e0 la suite d&rsquo;un engagement approfondi et d&rsquo;un retour d&rsquo;information sur la consultation. Les principales conclusions de la consultation sont r\u00e9sum\u00e9es dans le TPT Status Update publi\u00e9 en juillet 2023.<\/p>\n\n\n\n<p class=\"wp-block-paragraph\"><a href=\"https:\/\/transitiontaskforce.net\/sector-deep-dive\/\" target=\"_blank\" rel=\"noreferrer noopener\">Des orientations sectorielles<\/a> permettant aux pr\u00e9parateurs d&rsquo;interpr\u00e9ter le cadre de divulgation pour leur secteur sont \u00e9galement disponibles et ouvertes \u00e0 la consultation jusqu&rsquo;au 29 d\u00e9cembre 2023.<\/p>\n\n\n\n<div class=\"wp-block-buttons is-layout-flex wp-block-buttons-is-layout-flex\">\n<div class=\"wp-block-button\"><a class=\"wp-block-button__link wp-element-button\" href=\"https:\/\/transitiontaskforce.net\/wp-content\/uploads\/2023\/10\/TPT_Disclosure-framework-2023.pdf\" target=\"_blank\" rel=\"noreferrer noopener\">T\u00c9L\u00c9CHARGER<\/a><\/div>\n<\/div>\n\n\n\n<p class=\"wp-block-paragraph\"><em>*Cette ressource est en anglais.<\/em><\/p>\n","protected":false},"featured_media":10378,"menu_order":0,"template":"","meta":{"_acf_changed":false,"footnotes":""},"area":[],"resource_type":[164],"topic":[166,156,157],"class_list":["post-8926","resource","type-resource","status-publish","has-post-thumbnail","hentry","resource_type-formation","topic-mesures-et-cibles","topic-specifique-au-secteur","topic-vers-la-carboneutralite"],"acf":[],"yoast_head":"<!-- This site is optimized with the Yoast SEO plugin v28.2 - https:\/\/yoast.com\/product\/yoast-seo-wordpress\/ -->\n<title>The TPT Disclosure Framework - L&#039;Initiative canadienne de droit climatique<\/title>\n<meta name=\"description\" content=\"Il s&#039;agit de la version finale du cadre de divulgation TPT. Il est bas\u00e9 sur le projet lanc\u00e9 pour consultation en novembre 2022, qui a \u00e9t\u00e9 mis \u00e0 jour \u00e0 la suite d&#039;un engagement approfondi et d&#039;un retour d&#039;information sur la consultation.\" \/>\n<meta name=\"robots\" content=\"index, follow, max-snippet:-1, max-image-preview:large, max-video-preview:-1\" \/>\n<link rel=\"canonical\" href=\"https:\/\/ccli.ubc.ca\/resource\/the-tpt-disclosure-framework\/\" \/>\n<meta property=\"og:locale\" content=\"fr_FR\" \/>\n<meta property=\"og:type\" content=\"article\" \/>\n<meta property=\"og:title\" content=\"The TPT Disclosure Framework - L&#039;Initiative canadienne de droit climatique\" \/>\n<meta property=\"og:description\" content=\"Il s&#039;agit de la version finale du cadre de divulgation TPT. Il est bas\u00e9 sur le projet lanc\u00e9 pour consultation en novembre 2022, qui a \u00e9t\u00e9 mis \u00e0 jour \u00e0 la suite d&#039;un engagement approfondi et d&#039;un retour d&#039;information sur la consultation.\" \/>\n<meta property=\"og:url\" content=\"https:\/\/ccli.ubc.ca\/resource\/the-tpt-disclosure-framework\/\" \/>\n<meta property=\"og:site_name\" content=\"L&#039;Initiative canadienne de droit climatique\" \/>\n<meta property=\"article:modified_time\" content=\"2026-07-03T15:23:51+00:00\" \/>\n<meta property=\"og:image\" content=\"https:\/\/ccli.ubc.ca\/wp-content\/uploads\/2023\/10\/alexis-mette-4jkPIeXazgw-unsplash1-scaled-1.jpg\" \/>\n\t<meta property=\"og:image:width\" content=\"2560\" \/>\n\t<meta property=\"og:image:height\" content=\"1920\" \/>\n\t<meta property=\"og:image:type\" content=\"image\/jpeg\" \/>\n<meta name=\"twitter:card\" content=\"summary_large_image\" \/>\n<script type=\"application\/ld+json\" class=\"yoast-schema-graph\">{\"@context\":\"https:\\\/\\\/schema.org\",\"@graph\":[{\"@type\":\"WebPage\",\"@id\":\"https:\\\/\\\/ccli.ubc.ca\\\/resource\\\/the-tpt-disclosure-framework\\\/\",\"url\":\"https:\\\/\\\/ccli.ubc.ca\\\/resource\\\/the-tpt-disclosure-framework\\\/\",\"name\":\"The TPT Disclosure Framework - L'Initiative canadienne de droit climatique\",\"isPartOf\":{\"@id\":\"https:\\\/\\\/ccli.ubc.ca\\\/fr\\\/#website\"},\"primaryImageOfPage\":{\"@id\":\"https:\\\/\\\/ccli.ubc.ca\\\/resource\\\/the-tpt-disclosure-framework\\\/#primaryimage\"},\"image\":{\"@id\":\"https:\\\/\\\/ccli.ubc.ca\\\/resource\\\/the-tpt-disclosure-framework\\\/#primaryimage\"},\"thumbnailUrl\":\"https:\\\/\\\/ccli.ubc.ca\\\/wp-content\\\/uploads\\\/2023\\\/10\\\/alexis-mette-4jkPIeXazgw-unsplash1-scaled-1.jpg\",\"datePublished\":\"2023-11-01T00:19:08+00:00\",\"dateModified\":\"2026-07-03T15:23:51+00:00\",\"description\":\"Il s'agit de la version finale du cadre de divulgation TPT. Il est bas\u00e9 sur le projet lanc\u00e9 pour consultation en novembre 2022, qui a \u00e9t\u00e9 mis \u00e0 jour \u00e0 la suite d'un engagement approfondi et d'un retour d'information sur la consultation.\",\"breadcrumb\":{\"@id\":\"https:\\\/\\\/ccli.ubc.ca\\\/resource\\\/the-tpt-disclosure-framework\\\/#breadcrumb\"},\"inLanguage\":\"fr-FR\",\"potentialAction\":[{\"@type\":\"ReadAction\",\"target\":[\"https:\\\/\\\/ccli.ubc.ca\\\/resource\\\/the-tpt-disclosure-framework\\\/\"]}]},{\"@type\":\"ImageObject\",\"inLanguage\":\"fr-FR\",\"@id\":\"https:\\\/\\\/ccli.ubc.ca\\\/resource\\\/the-tpt-disclosure-framework\\\/#primaryimage\",\"url\":\"https:\\\/\\\/ccli.ubc.ca\\\/wp-content\\\/uploads\\\/2023\\\/10\\\/alexis-mette-4jkPIeXazgw-unsplash1-scaled-1.jpg\",\"contentUrl\":\"https:\\\/\\\/ccli.ubc.ca\\\/wp-content\\\/uploads\\\/2023\\\/10\\\/alexis-mette-4jkPIeXazgw-unsplash1-scaled-1.jpg\",\"width\":2560,\"height\":1920},{\"@type\":\"BreadcrumbList\",\"@id\":\"https:\\\/\\\/ccli.ubc.ca\\\/resource\\\/the-tpt-disclosure-framework\\\/#breadcrumb\",\"itemListElement\":[{\"@type\":\"ListItem\",\"position\":1,\"name\":\"Home\",\"item\":\"https:\\\/\\\/ccli.ubc.ca\\\/fr\\\/\"},{\"@type\":\"ListItem\",\"position\":2,\"name\":\"Resources\",\"item\":\"https:\\\/\\\/ccli.ubc.ca\\\/fr\\\/resource\\\/\"},{\"@type\":\"ListItem\",\"position\":3,\"name\":\"The TPT Disclosure Framework\"}]},{\"@type\":\"WebSite\",\"@id\":\"https:\\\/\\\/ccli.ubc.ca\\\/fr\\\/#website\",\"url\":\"https:\\\/\\\/ccli.ubc.ca\\\/fr\\\/\",\"name\":\"Canada Climate Law Initiative\",\"description\":\"\",\"publisher\":{\"@id\":\"https:\\\/\\\/ccli.ubc.ca\\\/fr\\\/#organization\"},\"potentialAction\":[{\"@type\":\"SearchAction\",\"target\":{\"@type\":\"EntryPoint\",\"urlTemplate\":\"https:\\\/\\\/ccli.ubc.ca\\\/fr\\\/?s={search_term_string}\"},\"query-input\":{\"@type\":\"PropertyValueSpecification\",\"valueRequired\":true,\"valueName\":\"search_term_string\"}}],\"inLanguage\":\"fr-FR\"},{\"@type\":\"Organization\",\"@id\":\"https:\\\/\\\/ccli.ubc.ca\\\/fr\\\/#organization\",\"name\":\"L'Initiative canadienne de droit climatique\",\"url\":\"https:\\\/\\\/ccli.ubc.ca\\\/fr\\\/\",\"logo\":{\"@type\":\"ImageObject\",\"inLanguage\":\"fr-FR\",\"@id\":\"https:\\\/\\\/ccli.ubc.ca\\\/fr\\\/#\\\/schema\\\/logo\\\/image\\\/\",\"url\":\"https:\\\/\\\/ccli.ubc.ca\\\/wp-content\\\/uploads\\\/2026\\\/07\\\/CCLI-EngFr-Green.svg\",\"contentUrl\":\"https:\\\/\\\/ccli.ubc.ca\\\/wp-content\\\/uploads\\\/2026\\\/07\\\/CCLI-EngFr-Green.svg\",\"width\":575,\"height\":241,\"caption\":\"L'Initiative canadienne de droit climatique\"},\"image\":{\"@id\":\"https:\\\/\\\/ccli.ubc.ca\\\/fr\\\/#\\\/schema\\\/logo\\\/image\\\/\"},\"sameAs\":[\"https:\\\/\\\/www.youtube.com\\\/channel\\\/UCVoB3ypQTE42_Y8r_eMk1tg\\\/featured\",\"https:\\\/\\\/www.linkedin.com\\\/company\\\/canada-climate-law-initiative\\\/\"]}]}<\/script>\n<!-- \/ Yoast SEO plugin. -->","yoast_head_json":{"title":"The TPT Disclosure Framework - L'Initiative canadienne de droit climatique","description":"Il s'agit de la version finale du cadre de divulgation TPT. Il est bas\u00e9 sur le projet lanc\u00e9 pour consultation en novembre 2022, qui a \u00e9t\u00e9 mis \u00e0 jour \u00e0 la suite d'un engagement approfondi et d'un retour d'information sur la consultation.","robots":{"index":"index","follow":"follow","max-snippet":"max-snippet:-1","max-image-preview":"max-image-preview:large","max-video-preview":"max-video-preview:-1"},"canonical":"https:\/\/ccli.ubc.ca\/resource\/the-tpt-disclosure-framework\/","og_locale":"fr_FR","og_type":"article","og_title":"The TPT Disclosure Framework - L'Initiative canadienne de droit climatique","og_description":"Il s'agit de la version finale du cadre de divulgation TPT. Il est bas\u00e9 sur le projet lanc\u00e9 pour consultation en novembre 2022, qui a \u00e9t\u00e9 mis \u00e0 jour \u00e0 la suite d'un engagement approfondi et d'un retour d'information sur la consultation.","og_url":"https:\/\/ccli.ubc.ca\/resource\/the-tpt-disclosure-framework\/","og_site_name":"L'Initiative canadienne de droit climatique","article_modified_time":"2026-07-03T15:23:51+00:00","og_image":[{"width":2560,"height":1920,"url":"https:\/\/ccli.ubc.ca\/wp-content\/uploads\/2023\/10\/alexis-mette-4jkPIeXazgw-unsplash1-scaled-1.jpg","type":"image\/jpeg"}],"twitter_card":"summary_large_image","schema":{"@context":"https:\/\/schema.org","@graph":[{"@type":"WebPage","@id":"https:\/\/ccli.ubc.ca\/resource\/the-tpt-disclosure-framework\/","url":"https:\/\/ccli.ubc.ca\/resource\/the-tpt-disclosure-framework\/","name":"The TPT Disclosure Framework - L'Initiative canadienne de droit climatique","isPartOf":{"@id":"https:\/\/ccli.ubc.ca\/fr\/#website"},"primaryImageOfPage":{"@id":"https:\/\/ccli.ubc.ca\/resource\/the-tpt-disclosure-framework\/#primaryimage"},"image":{"@id":"https:\/\/ccli.ubc.ca\/resource\/the-tpt-disclosure-framework\/#primaryimage"},"thumbnailUrl":"https:\/\/ccli.ubc.ca\/wp-content\/uploads\/2023\/10\/alexis-mette-4jkPIeXazgw-unsplash1-scaled-1.jpg","datePublished":"2023-11-01T00:19:08+00:00","dateModified":"2026-07-03T15:23:51+00:00","description":"Il s'agit de la version finale du cadre de divulgation TPT. Il est bas\u00e9 sur le projet lanc\u00e9 pour consultation en novembre 2022, qui a \u00e9t\u00e9 mis \u00e0 jour \u00e0 la suite d'un engagement approfondi et d'un retour d'information sur la consultation.","breadcrumb":{"@id":"https:\/\/ccli.ubc.ca\/resource\/the-tpt-disclosure-framework\/#breadcrumb"},"inLanguage":"fr-FR","potentialAction":[{"@type":"ReadAction","target":["https:\/\/ccli.ubc.ca\/resource\/the-tpt-disclosure-framework\/"]}]},{"@type":"ImageObject","inLanguage":"fr-FR","@id":"https:\/\/ccli.ubc.ca\/resource\/the-tpt-disclosure-framework\/#primaryimage","url":"https:\/\/ccli.ubc.ca\/wp-content\/uploads\/2023\/10\/alexis-mette-4jkPIeXazgw-unsplash1-scaled-1.jpg","contentUrl":"https:\/\/ccli.ubc.ca\/wp-content\/uploads\/2023\/10\/alexis-mette-4jkPIeXazgw-unsplash1-scaled-1.jpg","width":2560,"height":1920},{"@type":"BreadcrumbList","@id":"https:\/\/ccli.ubc.ca\/resource\/the-tpt-disclosure-framework\/#breadcrumb","itemListElement":[{"@type":"ListItem","position":1,"name":"Home","item":"https:\/\/ccli.ubc.ca\/fr\/"},{"@type":"ListItem","position":2,"name":"Resources","item":"https:\/\/ccli.ubc.ca\/fr\/resource\/"},{"@type":"ListItem","position":3,"name":"The TPT Disclosure Framework"}]},{"@type":"WebSite","@id":"https:\/\/ccli.ubc.ca\/fr\/#website","url":"https:\/\/ccli.ubc.ca\/fr\/","name":"Canada Climate Law Initiative","description":"","publisher":{"@id":"https:\/\/ccli.ubc.ca\/fr\/#organization"},"potentialAction":[{"@type":"SearchAction","target":{"@type":"EntryPoint","urlTemplate":"https:\/\/ccli.ubc.ca\/fr\/?s={search_term_string}"},"query-input":{"@type":"PropertyValueSpecification","valueRequired":true,"valueName":"search_term_string"}}],"inLanguage":"fr-FR"},{"@type":"Organization","@id":"https:\/\/ccli.ubc.ca\/fr\/#organization","name":"L'Initiative canadienne de droit climatique","url":"https:\/\/ccli.ubc.ca\/fr\/","logo":{"@type":"ImageObject","inLanguage":"fr-FR","@id":"https:\/\/ccli.ubc.ca\/fr\/#\/schema\/logo\/image\/","url":"https:\/\/ccli.ubc.ca\/wp-content\/uploads\/2026\/07\/CCLI-EngFr-Green.svg","contentUrl":"https:\/\/ccli.ubc.ca\/wp-content\/uploads\/2026\/07\/CCLI-EngFr-Green.svg","width":575,"height":241,"caption":"L'Initiative canadienne de droit climatique"},"image":{"@id":"https:\/\/ccli.ubc.ca\/fr\/#\/schema\/logo\/image\/"},"sameAs":["https:\/\/www.youtube.com\/channel\/UCVoB3ypQTE42_Y8r_eMk1tg\/featured","https:\/\/www.linkedin.com\/company\/canada-climate-law-initiative\/"]}]}},"_links":{"self":[{"href":"https:\/\/ccli.ubc.ca\/fr\/wp-json\/wp\/v2\/resource\/8926","targetHints":{"allow":["GET"]}}],"collection":[{"href":"https:\/\/ccli.ubc.ca\/fr\/wp-json\/wp\/v2\/resource"}],"about":[{"href":"https:\/\/ccli.ubc.ca\/fr\/wp-json\/wp\/v2\/types\/resource"}],"version-history":[{"count":1,"href":"https:\/\/ccli.ubc.ca\/fr\/wp-json\/wp\/v2\/resource\/8926\/revisions"}],"predecessor-version":[{"id":8927,"href":"https:\/\/ccli.ubc.ca\/fr\/wp-json\/wp\/v2\/resource\/8926\/revisions\/8927"}],"wp:featuredmedia":[{"embeddable":true,"href":"https:\/\/ccli.ubc.ca\/fr\/wp-json\/wp\/v2\/media\/10378"}],"wp:attachment":[{"href":"https:\/\/ccli.ubc.ca\/fr\/wp-json\/wp\/v2\/media?parent=8926"}],"wp:term":[{"taxonomy":"area","embeddable":true,"href":"https:\/\/ccli.ubc.ca\/fr\/wp-json\/wp\/v2\/area?post=8926"},{"taxonomy":"resource_type","embeddable":true,"href":"https:\/\/ccli.ubc.ca\/fr\/wp-json\/wp\/v2\/resource_type?post=8926"},{"taxonomy":"topic","embeddable":true,"href":"https:\/\/ccli.ubc.ca\/fr\/wp-json\/wp\/v2\/topic?post=8926"}],"curies":[{"name":"wp","href":"https:\/\/api.w.org\/{rel}","templated":true}]}}