{"id":3906,"date":"2021-04-27T19:57:43","date_gmt":"2021-04-27T19:57:43","guid":{"rendered":"https:\/\/ccli.ubc.ca\/team-member\/amee-sandhu-2\/"},"modified":"2026-06-25T16:50:04","modified_gmt":"2026-06-25T16:50:04","slug":"amee-sandhu","status":"publish","type":"team-member","link":"https:\/\/ccli.ubc.ca\/fr\/team-member\/amee-sandhu\/","title":{"rendered":"Amee Sandhu"},"content":{"rendered":"\n<p class=\"wp-block-paragraph\">Amee Sandhu est conseill\u00e8re juridique principale chez Alstom Canada, o\u00f9 elle est l&rsquo;avocate du projet pour l&rsquo;\u00e9tendue des travaux d&rsquo;Alstom sur le projet pluriannuel et de plusieurs milliards de dollars Go Expansion &#8211; un projet qui permettra d&rsquo;\u00e9tendre et d&rsquo;\u00e9lectrifier le syst\u00e8me de transport public r\u00e9gional du Grand Toronto et de Hamilton, Go Transit.<\/p>\n\n\n\n<p class=\"wp-block-paragraph\">Avant de se joindre \u00e0 Alstom, Amee \u00e9tait fondatrice et avocate principale de Lex Integra PC, un cabinet exclusivement ax\u00e9 sur le droit des affaires et l&rsquo;\u00e9thique des entreprises. Avant de fonder Lex Integra, Amee a pass\u00e9 plusieurs ann\u00e9es au sein de grandes soci\u00e9t\u00e9s d&rsquo;ing\u00e9nierie et de construction, o\u00f9 elle a occup\u00e9 des postes dans les services juridiques, commerciaux et d&rsquo;int\u00e9grit\u00e9, notamment en tant que responsable mondiale des op\u00e9rations de conformit\u00e9.\u00a0Elle a commenc\u00e9 sa carri\u00e8re sur Bay Street, \u00e0 Toronto.<\/p>\n\n\n\n<p class=\"wp-block-paragraph\">Amee est membre du conseil d&rsquo;administration de Transparency International &#8211; Canada, et membre de longue date de son comit\u00e9 juridique.&nbsp; Amee, ainsi que deux coll\u00e8gues estim\u00e9s de TI-Canada, a \u00e9t\u00e9 une experte canadienne pour le rapport <em>Exporting Corruption<\/em> du Secr\u00e9tariat mondial de Transparency International.<\/p>\n\n\n\n<p class=\"wp-block-paragraph\">Elle donne fr\u00e9quemment des conf\u00e9rences sur l&rsquo;\u00e9thique d&rsquo;entreprise, la l\u00e9gislation anti-corruption, les programmes de conformit\u00e9, ainsi que sur la diversit\u00e9. En 2022, elle a donn\u00e9 un cours de courte dur\u00e9e sur la lutte contre la corruption \u00e0 la facult\u00e9 de droit de McGill University.\u00a0En 2023, elle donnera un cours de courte dur\u00e9e sur le droit ESG.\u00a0 Elle a \u00e9t\u00e9 invit\u00e9e \u00e0 donner des conf\u00e9rences dans plusieurs facult\u00e9s de droit et \u00e9coles de gestion canadiennes sur la lutte contre la corruption et l&rsquo;\u00e9thique des affaires.<\/p>\n\n\n\n<p class=\"wp-block-paragraph\">Amee est une mentore pour les \u00e9tudiants en droit de la Lincoln Alexander School of Law de l&rsquo;UTM et instructrice en droits des affaires pour les \u00e9tudiants de premier cycle.\u00a0Elle est \u00e9valuatrice ou mentore pour les avocats-candidats du programme de pratique du droit de l&rsquo;UTM depuis 2019.<\/p>\n\n\n\n<p class=\"wp-block-paragraph\">Elle figure sur la liste des experts en gouvernance climatique de l&rsquo;Initiative canadienne de droit climatique, un projet conjoint de l\u2019University of British Columbia et York University. Elle fait \u00e9galement partie du conseil consultatif sur le droit et les affaires de la Ted Rogers School of Management du Toronto Metropolitan University.&nbsp;<\/p>\n\n\n\n<p class=\"wp-block-paragraph\">Amee poss\u00e8de trois certificats en mati\u00e8re d&rsquo;\u00e9thique et de conformit\u00e9 et de lutte contre la corruption, ainsi que le certificat ESG Competent Boards.\u00a0Elle a contribu\u00e9 \u00e0 la r\u00e9daction du livre multir\u00e9compens\u00e9 2020, Great Women in Compliance.<\/p>\n","protected":false},"featured_media":10189,"menu_order":0,"template":"","meta":{"_acf_changed":false,"footnotes":""},"location":[172],"team_category":[91],"team_group":[97],"class_list":["post-3906","team-member","type-team-member","status-publish","has-post-thumbnail","hentry","location-ontario","team_category-droit-et-gouvernance","team_group-experts-en-gouvernance-climatique"],"acf":[],"yoast_head":"<!-- This site is optimized with the Yoast SEO plugin v28.2 - https:\/\/yoast.com\/product\/yoast-seo-wordpress\/ -->\n<title>Amee Sandhu - L&#039;Initiative canadienne de droit climatique<\/title>\n<meta name=\"robots\" content=\"index, follow, max-snippet:-1, max-image-preview:large, max-video-preview:-1\" \/>\n<link rel=\"canonical\" href=\"https:\/\/ccli.ubc.ca\/team-member\/amee-sandhu\/\" \/>\n<meta property=\"og:locale\" content=\"fr_FR\" \/>\n<meta property=\"og:type\" content=\"article\" \/>\n<meta property=\"og:title\" content=\"Amee Sandhu - L&#039;Initiative canadienne de droit climatique\" \/>\n<meta property=\"og:description\" content=\"Amee Sandhu est conseill\u00e8re juridique principale chez Alstom Canada, o\u00f9 elle est l&rsquo;avocate du projet pour l&rsquo;\u00e9tendue des travaux d&rsquo;Alstom sur le projet pluriannuel et de plusieurs milliards de dollars Go Expansion &#8211; un projet qui permettra d&rsquo;\u00e9tendre et d&rsquo;\u00e9lectrifier le syst\u00e8me de transport public r\u00e9gional du Grand Toronto et de Hamilton, Go Transit. Avant [&hellip;]\" \/>\n<meta property=\"og:url\" content=\"https:\/\/ccli.ubc.ca\/team-member\/amee-sandhu\/\" \/>\n<meta property=\"og:site_name\" content=\"L&#039;Initiative canadienne de droit climatique\" \/>\n<meta property=\"article:modified_time\" content=\"2026-06-25T16:50:04+00:00\" \/>\n<meta property=\"og:image\" content=\"https:\/\/ccli.ubc.ca\/wp-content\/uploads\/2021\/04\/Sandhu-scaled-1.jpg\" \/>\n\t<meta property=\"og:image:width\" content=\"2560\" \/>\n\t<meta property=\"og:image:height\" content=\"1828\" \/>\n\t<meta property=\"og:image:type\" content=\"image\/jpeg\" \/>\n<meta name=\"twitter:card\" content=\"summary_large_image\" \/>\n<meta name=\"twitter:label1\" content=\"Dur\u00e9e de lecture estim\u00e9e\" \/>\n\t<meta name=\"twitter:data1\" content=\"2 minutes\" \/>\n<script type=\"application\/ld+json\" class=\"yoast-schema-graph\">{\"@context\":\"https:\\\/\\\/schema.org\",\"@graph\":[{\"@type\":\"WebPage\",\"@id\":\"https:\\\/\\\/ccli.ubc.ca\\\/team-member\\\/amee-sandhu\\\/\",\"url\":\"https:\\\/\\\/ccli.ubc.ca\\\/team-member\\\/amee-sandhu\\\/\",\"name\":\"Amee Sandhu - L'Initiative canadienne de droit climatique\",\"isPartOf\":{\"@id\":\"https:\\\/\\\/ccli.ubc.ca\\\/fr\\\/#website\"},\"primaryImageOfPage\":{\"@id\":\"https:\\\/\\\/ccli.ubc.ca\\\/team-member\\\/amee-sandhu\\\/#primaryimage\"},\"image\":{\"@id\":\"https:\\\/\\\/ccli.ubc.ca\\\/team-member\\\/amee-sandhu\\\/#primaryimage\"},\"thumbnailUrl\":\"https:\\\/\\\/ccli.ubc.ca\\\/wp-content\\\/uploads\\\/2021\\\/04\\\/Sandhu-scaled-1-e1784242902636.jpg\",\"datePublished\":\"2021-04-27T19:57:43+00:00\",\"dateModified\":\"2026-06-25T16:50:04+00:00\",\"breadcrumb\":{\"@id\":\"https:\\\/\\\/ccli.ubc.ca\\\/team-member\\\/amee-sandhu\\\/#breadcrumb\"},\"inLanguage\":\"fr-FR\",\"potentialAction\":[{\"@type\":\"ReadAction\",\"target\":[\"https:\\\/\\\/ccli.ubc.ca\\\/team-member\\\/amee-sandhu\\\/\"]}]},{\"@type\":\"ImageObject\",\"inLanguage\":\"fr-FR\",\"@id\":\"https:\\\/\\\/ccli.ubc.ca\\\/team-member\\\/amee-sandhu\\\/#primaryimage\",\"url\":\"https:\\\/\\\/ccli.ubc.ca\\\/wp-content\\\/uploads\\\/2021\\\/04\\\/Sandhu-scaled-1-e1784242902636.jpg\",\"contentUrl\":\"https:\\\/\\\/ccli.ubc.ca\\\/wp-content\\\/uploads\\\/2021\\\/04\\\/Sandhu-scaled-1-e1784242902636.jpg\",\"width\":2560,\"height\":1828},{\"@type\":\"BreadcrumbList\",\"@id\":\"https:\\\/\\\/ccli.ubc.ca\\\/team-member\\\/amee-sandhu\\\/#breadcrumb\",\"itemListElement\":[{\"@type\":\"ListItem\",\"position\":1,\"name\":\"Home\",\"item\":\"https:\\\/\\\/ccli.ubc.ca\\\/fr\\\/\"},{\"@type\":\"ListItem\",\"position\":2,\"name\":\"Amee Sandhu\"}]},{\"@type\":\"WebSite\",\"@id\":\"https:\\\/\\\/ccli.ubc.ca\\\/fr\\\/#website\",\"url\":\"https:\\\/\\\/ccli.ubc.ca\\\/fr\\\/\",\"name\":\"Canada Climate Law Initiative\",\"description\":\"\",\"publisher\":{\"@id\":\"https:\\\/\\\/ccli.ubc.ca\\\/fr\\\/#organization\"},\"potentialAction\":[{\"@type\":\"SearchAction\",\"target\":{\"@type\":\"EntryPoint\",\"urlTemplate\":\"https:\\\/\\\/ccli.ubc.ca\\\/fr\\\/?s={search_term_string}\"},\"query-input\":{\"@type\":\"PropertyValueSpecification\",\"valueRequired\":true,\"valueName\":\"search_term_string\"}}],\"inLanguage\":\"fr-FR\"},{\"@type\":\"Organization\",\"@id\":\"https:\\\/\\\/ccli.ubc.ca\\\/fr\\\/#organization\",\"name\":\"L'Initiative canadienne de droit climatique\",\"url\":\"https:\\\/\\\/ccli.ubc.ca\\\/fr\\\/\",\"logo\":{\"@type\":\"ImageObject\",\"inLanguage\":\"fr-FR\",\"@id\":\"https:\\\/\\\/ccli.ubc.ca\\\/fr\\\/#\\\/schema\\\/logo\\\/image\\\/\",\"url\":\"https:\\\/\\\/ccli.ubc.ca\\\/wp-content\\\/uploads\\\/2026\\\/07\\\/CCLI-EngFr-Green.svg\",\"contentUrl\":\"https:\\\/\\\/ccli.ubc.ca\\\/wp-content\\\/uploads\\\/2026\\\/07\\\/CCLI-EngFr-Green.svg\",\"width\":575,\"height\":241,\"caption\":\"L'Initiative canadienne de droit climatique\"},\"image\":{\"@id\":\"https:\\\/\\\/ccli.ubc.ca\\\/fr\\\/#\\\/schema\\\/logo\\\/image\\\/\"},\"sameAs\":[\"https:\\\/\\\/www.youtube.com\\\/channel\\\/UCVoB3ypQTE42_Y8r_eMk1tg\\\/featured\",\"https:\\\/\\\/www.linkedin.com\\\/company\\\/canada-climate-law-initiative\\\/\"]}]}<\/script>\n<!-- \/ Yoast SEO plugin. -->","yoast_head_json":{"title":"Amee Sandhu - L'Initiative canadienne de droit climatique","robots":{"index":"index","follow":"follow","max-snippet":"max-snippet:-1","max-image-preview":"max-image-preview:large","max-video-preview":"max-video-preview:-1"},"canonical":"https:\/\/ccli.ubc.ca\/team-member\/amee-sandhu\/","og_locale":"fr_FR","og_type":"article","og_title":"Amee Sandhu - L'Initiative canadienne de droit climatique","og_description":"Amee Sandhu est conseill\u00e8re juridique principale chez Alstom Canada, o\u00f9 elle est l&rsquo;avocate du projet pour l&rsquo;\u00e9tendue des travaux d&rsquo;Alstom sur le projet pluriannuel et de plusieurs milliards de dollars Go Expansion &#8211; un projet qui permettra d&rsquo;\u00e9tendre et d&rsquo;\u00e9lectrifier le syst\u00e8me de transport public r\u00e9gional du Grand Toronto et de Hamilton, Go Transit. Avant [&hellip;]","og_url":"https:\/\/ccli.ubc.ca\/team-member\/amee-sandhu\/","og_site_name":"L'Initiative canadienne de droit climatique","article_modified_time":"2026-06-25T16:50:04+00:00","og_image":[{"width":2560,"height":1828,"url":"https:\/\/ccli.ubc.ca\/wp-content\/uploads\/2021\/04\/Sandhu-scaled-1.jpg","type":"image\/jpeg"}],"twitter_card":"summary_large_image","twitter_misc":{"Dur\u00e9e de lecture estim\u00e9e":"2 minutes"},"schema":{"@context":"https:\/\/schema.org","@graph":[{"@type":"WebPage","@id":"https:\/\/ccli.ubc.ca\/team-member\/amee-sandhu\/","url":"https:\/\/ccli.ubc.ca\/team-member\/amee-sandhu\/","name":"Amee Sandhu - L'Initiative canadienne de droit climatique","isPartOf":{"@id":"https:\/\/ccli.ubc.ca\/fr\/#website"},"primaryImageOfPage":{"@id":"https:\/\/ccli.ubc.ca\/team-member\/amee-sandhu\/#primaryimage"},"image":{"@id":"https:\/\/ccli.ubc.ca\/team-member\/amee-sandhu\/#primaryimage"},"thumbnailUrl":"https:\/\/ccli.ubc.ca\/wp-content\/uploads\/2021\/04\/Sandhu-scaled-1-e1784242902636.jpg","datePublished":"2021-04-27T19:57:43+00:00","dateModified":"2026-06-25T16:50:04+00:00","breadcrumb":{"@id":"https:\/\/ccli.ubc.ca\/team-member\/amee-sandhu\/#breadcrumb"},"inLanguage":"fr-FR","potentialAction":[{"@type":"ReadAction","target":["https:\/\/ccli.ubc.ca\/team-member\/amee-sandhu\/"]}]},{"@type":"ImageObject","inLanguage":"fr-FR","@id":"https:\/\/ccli.ubc.ca\/team-member\/amee-sandhu\/#primaryimage","url":"https:\/\/ccli.ubc.ca\/wp-content\/uploads\/2021\/04\/Sandhu-scaled-1-e1784242902636.jpg","contentUrl":"https:\/\/ccli.ubc.ca\/wp-content\/uploads\/2021\/04\/Sandhu-scaled-1-e1784242902636.jpg","width":2560,"height":1828},{"@type":"BreadcrumbList","@id":"https:\/\/ccli.ubc.ca\/team-member\/amee-sandhu\/#breadcrumb","itemListElement":[{"@type":"ListItem","position":1,"name":"Home","item":"https:\/\/ccli.ubc.ca\/fr\/"},{"@type":"ListItem","position":2,"name":"Amee Sandhu"}]},{"@type":"WebSite","@id":"https:\/\/ccli.ubc.ca\/fr\/#website","url":"https:\/\/ccli.ubc.ca\/fr\/","name":"Canada Climate Law Initiative","description":"","publisher":{"@id":"https:\/\/ccli.ubc.ca\/fr\/#organization"},"potentialAction":[{"@type":"SearchAction","target":{"@type":"EntryPoint","urlTemplate":"https:\/\/ccli.ubc.ca\/fr\/?s={search_term_string}"},"query-input":{"@type":"PropertyValueSpecification","valueRequired":true,"valueName":"search_term_string"}}],"inLanguage":"fr-FR"},{"@type":"Organization","@id":"https:\/\/ccli.ubc.ca\/fr\/#organization","name":"L'Initiative canadienne de droit climatique","url":"https:\/\/ccli.ubc.ca\/fr\/","logo":{"@type":"ImageObject","inLanguage":"fr-FR","@id":"https:\/\/ccli.ubc.ca\/fr\/#\/schema\/logo\/image\/","url":"https:\/\/ccli.ubc.ca\/wp-content\/uploads\/2026\/07\/CCLI-EngFr-Green.svg","contentUrl":"https:\/\/ccli.ubc.ca\/wp-content\/uploads\/2026\/07\/CCLI-EngFr-Green.svg","width":575,"height":241,"caption":"L'Initiative canadienne de droit climatique"},"image":{"@id":"https:\/\/ccli.ubc.ca\/fr\/#\/schema\/logo\/image\/"},"sameAs":["https:\/\/www.youtube.com\/channel\/UCVoB3ypQTE42_Y8r_eMk1tg\/featured","https:\/\/www.linkedin.com\/company\/canada-climate-law-initiative\/"]}]}},"_links":{"self":[{"href":"https:\/\/ccli.ubc.ca\/fr\/wp-json\/wp\/v2\/team-member\/3906","targetHints":{"allow":["GET"]}}],"collection":[{"href":"https:\/\/ccli.ubc.ca\/fr\/wp-json\/wp\/v2\/team-member"}],"about":[{"href":"https:\/\/ccli.ubc.ca\/fr\/wp-json\/wp\/v2\/types\/team-member"}],"version-history":[{"count":1,"href":"https:\/\/ccli.ubc.ca\/fr\/wp-json\/wp\/v2\/team-member\/3906\/revisions"}],"predecessor-version":[{"id":4026,"href":"https:\/\/ccli.ubc.ca\/fr\/wp-json\/wp\/v2\/team-member\/3906\/revisions\/4026"}],"wp:featuredmedia":[{"embeddable":true,"href":"https:\/\/ccli.ubc.ca\/fr\/wp-json\/wp\/v2\/media\/10189"}],"wp:attachment":[{"href":"https:\/\/ccli.ubc.ca\/fr\/wp-json\/wp\/v2\/media?parent=3906"}],"wp:term":[{"taxonomy":"location","embeddable":true,"href":"https:\/\/ccli.ubc.ca\/fr\/wp-json\/wp\/v2\/location?post=3906"},{"taxonomy":"team_category","embeddable":true,"href":"https:\/\/ccli.ubc.ca\/fr\/wp-json\/wp\/v2\/team_category?post=3906"},{"taxonomy":"team_group","embeddable":true,"href":"https:\/\/ccli.ubc.ca\/fr\/wp-json\/wp\/v2\/team_group?post=3906"}],"curies":[{"name":"wp","href":"https:\/\/api.w.org\/{rel}","templated":true}]}}