{"id":3977,"date":"2022-12-22T22:09:14","date_gmt":"2022-12-22T22:09:14","guid":{"rendered":"https:\/\/ccli.ubc.ca\/team-member\/anne-josee-laquerre-2\/"},"modified":"2026-06-25T16:50:18","modified_gmt":"2026-06-25T16:50:18","slug":"anne-josee-laquerre","status":"publish","type":"team-member","link":"https:\/\/ccli.ubc.ca\/fr\/team-member\/anne-josee-laquerre\/","title":{"rendered":"Anne-Jos\u00e9e Laquerre"},"content":{"rendered":"\n<p class=\"wp-block-paragraph\">En tant que directrice g\u00e9n\u00e9rale et co-initiatrice de Qu\u00e9bec Net Positif, Anne-Jos\u00e9e travaille \u00e0 sensibiliser, mobiliser et outiller les entreprises \u2013 particuli\u00e8rement les PME et celles.ceux qui les accompagnent \u2013 face \u00e0 l\u2019acc\u00e9l\u00e9ration de la transition vers une \u00e9conomie sobre en carbone et \u00ab&nbsp;nette positive&nbsp;\u00bb.<\/p>\n\n\n\n<p class=\"wp-block-paragraph\">Anne-Jos\u00e9e assume la direction de cet OBNL apr\u00e8s avoir \u0153uvr\u00e9 pendant plus de 25 ans en d\u00e9veloppement durable, responsabilit\u00e9 sociale d\u2019entreprise et relations publiques au sein de compagnies d\u2019envergure notamment&nbsp;: Noranda, Domtar, Bombardier A\u00e9ronautique, FP Innovations (Paprican) et Aimia. Elle a aussi \u00e9t\u00e9 consultante en strat\u00e9gies d&rsquo;affaires durables au sein de Millani et consultante en d\u00e9veloppement durable aupr\u00e8s de PME avec Maillon Vert.<\/p>\n\n\n\n<p class=\"wp-block-paragraph\">Anne-Jos\u00e9e est r\u00e9cipiendaire d\u2019un prix Clean50 2020 dans la cat\u00e9gorie \u00ab\u00a0\u00c9ducation et leadership \u00e9clair\u00e9\u00a0\u00bb, qui la reconna\u00eet parmi les canadiens d\u2019exception ayant le plus contribu\u00e9 \u00e0 l\u2019acc\u00e9l\u00e9ration de l\u2019\u00e9conomie verte au pays. Au cours de son mandat \u00e0 titre de Directrice de la vocation sociale, Aimia a \u00e9t\u00e9 reconnue \u00e0 deux reprises par Corporate Knights comme l\u2019une des 50 meilleures entreprises citoyennes au Canada. Elle a aussi si\u00e9g\u00e9 au conseil d&rsquo;administration de l&rsquo;Initiative pour la finance durable (IFD).<\/p>\n\n\n\n<p class=\"wp-block-paragraph\">Anne-Jos\u00e9e est d\u00e9tentrice d\u2019une ma\u00eetrise \u00e8s science de HEC Montr\u00e9al et a compl\u00e9t\u00e9 un programme ex\u00e9cutif \u00e0 la Harvard Business School&nbsp;: \u00ab&nbsp;Aligning Sustainability and Business Performance&nbsp;\u00bb.<\/p>\n","protected":false},"featured_media":10212,"menu_order":0,"template":"","meta":{"_acf_changed":false,"footnotes":""},"location":[95,173],"team_category":[177],"team_group":[97],"class_list":["post-3977","team-member","type-team-member","status-publish","has-post-thumbnail","hentry","location-colombie-britannique","location-quebec","team_category-esg","team_group-experts-en-gouvernance-climatique"],"acf":[],"yoast_head":"<!-- This site is optimized with the Yoast SEO plugin v28.2 - https:\/\/yoast.com\/product\/yoast-seo-wordpress\/ -->\n<title>Anne-Jos\u00e9e Laquerre - L&#039;Initiative canadienne de droit climatique<\/title>\n<meta name=\"robots\" content=\"index, follow, max-snippet:-1, max-image-preview:large, max-video-preview:-1\" \/>\n<link rel=\"canonical\" href=\"https:\/\/ccli.ubc.ca\/fr\/team-member\/anne-josee-laquerre\/\" \/>\n<meta property=\"og:locale\" content=\"fr_FR\" \/>\n<meta property=\"og:type\" content=\"article\" \/>\n<meta property=\"og:title\" content=\"Anne-Jos\u00e9e Laquerre - L&#039;Initiative canadienne de droit climatique\" \/>\n<meta property=\"og:description\" content=\"En tant que directrice g\u00e9n\u00e9rale et co-initiatrice de Qu\u00e9bec Net Positif, Anne-Jos\u00e9e travaille \u00e0 sensibiliser, mobiliser et outiller les entreprises \u2013 particuli\u00e8rement les PME et celles.ceux qui les accompagnent \u2013 face \u00e0 l\u2019acc\u00e9l\u00e9ration de la transition vers une \u00e9conomie sobre en carbone et \u00ab&nbsp;nette positive&nbsp;\u00bb. Anne-Jos\u00e9e assume la direction de cet OBNL apr\u00e8s avoir \u0153uvr\u00e9 [&hellip;]\" \/>\n<meta property=\"og:url\" content=\"https:\/\/ccli.ubc.ca\/fr\/team-member\/anne-josee-laquerre\/\" \/>\n<meta property=\"og:site_name\" content=\"L&#039;Initiative canadienne de droit climatique\" \/>\n<meta property=\"article:modified_time\" content=\"2026-06-25T16:50:18+00:00\" \/>\n<meta property=\"og:image\" content=\"https:\/\/ccli.ubc.ca\/wp-content\/uploads\/2022\/12\/Laquerre.jpg\" \/>\n\t<meta property=\"og:image:width\" content=\"267\" \/>\n\t<meta property=\"og:image:height\" content=\"400\" \/>\n\t<meta property=\"og:image:type\" content=\"image\/jpeg\" \/>\n<meta name=\"twitter:card\" content=\"summary_large_image\" \/>\n<meta name=\"twitter:label1\" content=\"Dur\u00e9e de lecture estim\u00e9e\" \/>\n\t<meta name=\"twitter:data1\" content=\"1 minute\" \/>\n<script type=\"application\/ld+json\" class=\"yoast-schema-graph\">{\"@context\":\"https:\\\/\\\/schema.org\",\"@graph\":[{\"@type\":\"WebPage\",\"@id\":\"https:\\\/\\\/ccli.ubc.ca\\\/fr\\\/team-member\\\/anne-josee-laquerre\\\/\",\"url\":\"https:\\\/\\\/ccli.ubc.ca\\\/fr\\\/team-member\\\/anne-josee-laquerre\\\/\",\"name\":\"Anne-Jos\u00e9e Laquerre - L'Initiative canadienne de droit climatique\",\"isPartOf\":{\"@id\":\"https:\\\/\\\/ccli.ubc.ca\\\/fr\\\/#website\"},\"primaryImageOfPage\":{\"@id\":\"https:\\\/\\\/ccli.ubc.ca\\\/fr\\\/team-member\\\/anne-josee-laquerre\\\/#primaryimage\"},\"image\":{\"@id\":\"https:\\\/\\\/ccli.ubc.ca\\\/fr\\\/team-member\\\/anne-josee-laquerre\\\/#primaryimage\"},\"thumbnailUrl\":\"https:\\\/\\\/ccli.ubc.ca\\\/wp-content\\\/uploads\\\/2022\\\/12\\\/Laquerre-e1784243016839.jpg\",\"datePublished\":\"2022-12-22T22:09:14+00:00\",\"dateModified\":\"2026-06-25T16:50:18+00:00\",\"breadcrumb\":{\"@id\":\"https:\\\/\\\/ccli.ubc.ca\\\/fr\\\/team-member\\\/anne-josee-laquerre\\\/#breadcrumb\"},\"inLanguage\":\"fr-FR\",\"potentialAction\":[{\"@type\":\"ReadAction\",\"target\":[\"https:\\\/\\\/ccli.ubc.ca\\\/fr\\\/team-member\\\/anne-josee-laquerre\\\/\"]}]},{\"@type\":\"ImageObject\",\"inLanguage\":\"fr-FR\",\"@id\":\"https:\\\/\\\/ccli.ubc.ca\\\/fr\\\/team-member\\\/anne-josee-laquerre\\\/#primaryimage\",\"url\":\"https:\\\/\\\/ccli.ubc.ca\\\/wp-content\\\/uploads\\\/2022\\\/12\\\/Laquerre-e1784243016839.jpg\",\"contentUrl\":\"https:\\\/\\\/ccli.ubc.ca\\\/wp-content\\\/uploads\\\/2022\\\/12\\\/Laquerre-e1784243016839.jpg\",\"width\":267,\"height\":400},{\"@type\":\"BreadcrumbList\",\"@id\":\"https:\\\/\\\/ccli.ubc.ca\\\/fr\\\/team-member\\\/anne-josee-laquerre\\\/#breadcrumb\",\"itemListElement\":[{\"@type\":\"ListItem\",\"position\":1,\"name\":\"Home\",\"item\":\"https:\\\/\\\/ccli.ubc.ca\\\/fr\\\/\"},{\"@type\":\"ListItem\",\"position\":2,\"name\":\"Anne-Jos\u00e9e Laquerre\"}]},{\"@type\":\"WebSite\",\"@id\":\"https:\\\/\\\/ccli.ubc.ca\\\/fr\\\/#website\",\"url\":\"https:\\\/\\\/ccli.ubc.ca\\\/fr\\\/\",\"name\":\"Canada Climate Law Initiative\",\"description\":\"\",\"publisher\":{\"@id\":\"https:\\\/\\\/ccli.ubc.ca\\\/fr\\\/#organization\"},\"potentialAction\":[{\"@type\":\"SearchAction\",\"target\":{\"@type\":\"EntryPoint\",\"urlTemplate\":\"https:\\\/\\\/ccli.ubc.ca\\\/fr\\\/?s={search_term_string}\"},\"query-input\":{\"@type\":\"PropertyValueSpecification\",\"valueRequired\":true,\"valueName\":\"search_term_string\"}}],\"inLanguage\":\"fr-FR\"},{\"@type\":\"Organization\",\"@id\":\"https:\\\/\\\/ccli.ubc.ca\\\/fr\\\/#organization\",\"name\":\"L'Initiative canadienne de droit climatique\",\"url\":\"https:\\\/\\\/ccli.ubc.ca\\\/fr\\\/\",\"logo\":{\"@type\":\"ImageObject\",\"inLanguage\":\"fr-FR\",\"@id\":\"https:\\\/\\\/ccli.ubc.ca\\\/fr\\\/#\\\/schema\\\/logo\\\/image\\\/\",\"url\":\"https:\\\/\\\/ccli.ubc.ca\\\/wp-content\\\/uploads\\\/2026\\\/07\\\/CCLI-EngFr-Green.svg\",\"contentUrl\":\"https:\\\/\\\/ccli.ubc.ca\\\/wp-content\\\/uploads\\\/2026\\\/07\\\/CCLI-EngFr-Green.svg\",\"width\":575,\"height\":241,\"caption\":\"L'Initiative canadienne de droit climatique\"},\"image\":{\"@id\":\"https:\\\/\\\/ccli.ubc.ca\\\/fr\\\/#\\\/schema\\\/logo\\\/image\\\/\"},\"sameAs\":[\"https:\\\/\\\/www.youtube.com\\\/channel\\\/UCVoB3ypQTE42_Y8r_eMk1tg\\\/featured\",\"https:\\\/\\\/www.linkedin.com\\\/company\\\/canada-climate-law-initiative\\\/\"]}]}<\/script>\n<!-- \/ Yoast SEO plugin. -->","yoast_head_json":{"title":"Anne-Jos\u00e9e Laquerre - L'Initiative canadienne de droit climatique","robots":{"index":"index","follow":"follow","max-snippet":"max-snippet:-1","max-image-preview":"max-image-preview:large","max-video-preview":"max-video-preview:-1"},"canonical":"https:\/\/ccli.ubc.ca\/fr\/team-member\/anne-josee-laquerre\/","og_locale":"fr_FR","og_type":"article","og_title":"Anne-Jos\u00e9e Laquerre - L'Initiative canadienne de droit climatique","og_description":"En tant que directrice g\u00e9n\u00e9rale et co-initiatrice de Qu\u00e9bec Net Positif, Anne-Jos\u00e9e travaille \u00e0 sensibiliser, mobiliser et outiller les entreprises \u2013 particuli\u00e8rement les PME et celles.ceux qui les accompagnent \u2013 face \u00e0 l\u2019acc\u00e9l\u00e9ration de la transition vers une \u00e9conomie sobre en carbone et \u00ab&nbsp;nette positive&nbsp;\u00bb. Anne-Jos\u00e9e assume la direction de cet OBNL apr\u00e8s avoir \u0153uvr\u00e9 [&hellip;]","og_url":"https:\/\/ccli.ubc.ca\/fr\/team-member\/anne-josee-laquerre\/","og_site_name":"L'Initiative canadienne de droit climatique","article_modified_time":"2026-06-25T16:50:18+00:00","og_image":[{"width":267,"height":400,"url":"https:\/\/ccli.ubc.ca\/wp-content\/uploads\/2022\/12\/Laquerre.jpg","type":"image\/jpeg"}],"twitter_card":"summary_large_image","twitter_misc":{"Dur\u00e9e de lecture estim\u00e9e":"1 minute"},"schema":{"@context":"https:\/\/schema.org","@graph":[{"@type":"WebPage","@id":"https:\/\/ccli.ubc.ca\/fr\/team-member\/anne-josee-laquerre\/","url":"https:\/\/ccli.ubc.ca\/fr\/team-member\/anne-josee-laquerre\/","name":"Anne-Jos\u00e9e Laquerre - L'Initiative canadienne de droit climatique","isPartOf":{"@id":"https:\/\/ccli.ubc.ca\/fr\/#website"},"primaryImageOfPage":{"@id":"https:\/\/ccli.ubc.ca\/fr\/team-member\/anne-josee-laquerre\/#primaryimage"},"image":{"@id":"https:\/\/ccli.ubc.ca\/fr\/team-member\/anne-josee-laquerre\/#primaryimage"},"thumbnailUrl":"https:\/\/ccli.ubc.ca\/wp-content\/uploads\/2022\/12\/Laquerre-e1784243016839.jpg","datePublished":"2022-12-22T22:09:14+00:00","dateModified":"2026-06-25T16:50:18+00:00","breadcrumb":{"@id":"https:\/\/ccli.ubc.ca\/fr\/team-member\/anne-josee-laquerre\/#breadcrumb"},"inLanguage":"fr-FR","potentialAction":[{"@type":"ReadAction","target":["https:\/\/ccli.ubc.ca\/fr\/team-member\/anne-josee-laquerre\/"]}]},{"@type":"ImageObject","inLanguage":"fr-FR","@id":"https:\/\/ccli.ubc.ca\/fr\/team-member\/anne-josee-laquerre\/#primaryimage","url":"https:\/\/ccli.ubc.ca\/wp-content\/uploads\/2022\/12\/Laquerre-e1784243016839.jpg","contentUrl":"https:\/\/ccli.ubc.ca\/wp-content\/uploads\/2022\/12\/Laquerre-e1784243016839.jpg","width":267,"height":400},{"@type":"BreadcrumbList","@id":"https:\/\/ccli.ubc.ca\/fr\/team-member\/anne-josee-laquerre\/#breadcrumb","itemListElement":[{"@type":"ListItem","position":1,"name":"Home","item":"https:\/\/ccli.ubc.ca\/fr\/"},{"@type":"ListItem","position":2,"name":"Anne-Jos\u00e9e Laquerre"}]},{"@type":"WebSite","@id":"https:\/\/ccli.ubc.ca\/fr\/#website","url":"https:\/\/ccli.ubc.ca\/fr\/","name":"Canada Climate Law Initiative","description":"","publisher":{"@id":"https:\/\/ccli.ubc.ca\/fr\/#organization"},"potentialAction":[{"@type":"SearchAction","target":{"@type":"EntryPoint","urlTemplate":"https:\/\/ccli.ubc.ca\/fr\/?s={search_term_string}"},"query-input":{"@type":"PropertyValueSpecification","valueRequired":true,"valueName":"search_term_string"}}],"inLanguage":"fr-FR"},{"@type":"Organization","@id":"https:\/\/ccli.ubc.ca\/fr\/#organization","name":"L'Initiative canadienne de droit climatique","url":"https:\/\/ccli.ubc.ca\/fr\/","logo":{"@type":"ImageObject","inLanguage":"fr-FR","@id":"https:\/\/ccli.ubc.ca\/fr\/#\/schema\/logo\/image\/","url":"https:\/\/ccli.ubc.ca\/wp-content\/uploads\/2026\/07\/CCLI-EngFr-Green.svg","contentUrl":"https:\/\/ccli.ubc.ca\/wp-content\/uploads\/2026\/07\/CCLI-EngFr-Green.svg","width":575,"height":241,"caption":"L'Initiative canadienne de droit climatique"},"image":{"@id":"https:\/\/ccli.ubc.ca\/fr\/#\/schema\/logo\/image\/"},"sameAs":["https:\/\/www.youtube.com\/channel\/UCVoB3ypQTE42_Y8r_eMk1tg\/featured","https:\/\/www.linkedin.com\/company\/canada-climate-law-initiative\/"]}]}},"_links":{"self":[{"href":"https:\/\/ccli.ubc.ca\/fr\/wp-json\/wp\/v2\/team-member\/3977","targetHints":{"allow":["GET"]}}],"collection":[{"href":"https:\/\/ccli.ubc.ca\/fr\/wp-json\/wp\/v2\/team-member"}],"about":[{"href":"https:\/\/ccli.ubc.ca\/fr\/wp-json\/wp\/v2\/types\/team-member"}],"version-history":[{"count":1,"href":"https:\/\/ccli.ubc.ca\/fr\/wp-json\/wp\/v2\/team-member\/3977\/revisions"}],"predecessor-version":[{"id":4084,"href":"https:\/\/ccli.ubc.ca\/fr\/wp-json\/wp\/v2\/team-member\/3977\/revisions\/4084"}],"wp:featuredmedia":[{"embeddable":true,"href":"https:\/\/ccli.ubc.ca\/fr\/wp-json\/wp\/v2\/media\/10212"}],"wp:attachment":[{"href":"https:\/\/ccli.ubc.ca\/fr\/wp-json\/wp\/v2\/media?parent=3977"}],"wp:term":[{"taxonomy":"location","embeddable":true,"href":"https:\/\/ccli.ubc.ca\/fr\/wp-json\/wp\/v2\/location?post=3977"},{"taxonomy":"team_category","embeddable":true,"href":"https:\/\/ccli.ubc.ca\/fr\/wp-json\/wp\/v2\/team_category?post=3977"},{"taxonomy":"team_group","embeddable":true,"href":"https:\/\/ccli.ubc.ca\/fr\/wp-json\/wp\/v2\/team_group?post=3977"}],"curies":[{"name":"wp","href":"https:\/\/api.w.org\/{rel}","templated":true}]}}